{"id":466,"date":"2025-03-25T16:01:48","date_gmt":"2025-03-25T15:01:48","guid":{"rendered":"https:\/\/www.musee-dior-granville.com\/?page_id=466"},"modified":"2025-08-08T14:34:16","modified_gmt":"2025-08-08T12:34:16","slug":"garden","status":"publish","type":"page","link":"https:\/\/www.musee-dior-granville.com\/en\/garden\/","title":{"rendered":"The garden"},"content":{"rendered":"\n<div class=\"wp-block-group alignfull pgut-pattern pgut-pattern__logo has-neutral-1-background-color has-background has-global-padding is-layout-constrained wp-block-group-is-layout-constrained\">\n<div class=\"wp-block-columns are-vertically-aligned-center is-layout-flex wp-container-core-columns-is-layout-28f84493 wp-block-columns-is-layout-flex\">\n<div class=\"wp-block-column is-vertically-aligned-center is-layout-flow wp-block-column-is-layout-flow\">\n<p>Cet \u00e9den unique surplombant la mer face aux \u00eeles Jersey et Chausey est une <strong>introduction id\u00e9ale \u00e0 la d\u00e9couverte de Christian Dior<\/strong>. Enfant r\u00eaveur, c\u2019est au c\u0153ur de cet espace, enti\u00e8rement fa\u00e7onn\u00e9 par sa m\u00e8re, qu\u2019il a pu nourrir son \u00e2me d\u2019homme de l\u2019art.<\/p>\n\n\n\n<h2 class=\"wp-block-heading\">Le jardin, un premier contact id\u00e9al avec Christian Dior<\/h2>\n\n\n\n<p>Lieu baign\u00e9 par la houle, le vent dans les pins et le chant des oiseaux, le jardin Dior abrite <strong>une pi\u00e8ce d\u2019eau, une pergola et un mobilier de jardin dessin\u00e9s par Christian Dior<\/strong>. \u00c9tape essentielle pour saisir l\u2019essence d\u2019une l\u00e9gende de la mode, il d\u00e9voile aux visiteurs une terrasse donnant sur la mer et une majestueuse mosa\u00efque.<\/p>\n<\/div>\n\n\n\n<div class=\"wp-block-column is-vertically-aligned-center is-layout-flow wp-block-column-is-layout-flow\">\n<figure class=\"wp-block-image size-full\"><img decoding=\"async\" width=\"714\" height=\"400\" src=\"https:\/\/www.musee-dior-granville.com\/wp-content\/uploads\/2025\/03\/jardin-ciel-mer-inspiration-dior.jpg\" alt=\"Jardin entre ciel et mer\" class=\"wp-image-295\" srcset=\"https:\/\/www.musee-dior-granville.com\/wp-content\/uploads\/2025\/03\/jardin-ciel-mer-inspiration-dior.jpg 714w, https:\/\/www.musee-dior-granville.com\/wp-content\/uploads\/2025\/03\/jardin-ciel-mer-inspiration-dior-300x168.jpg 300w\" sizes=\"(max-width: 714px) 100vw, 714px\" \/><\/figure>\n<\/div>\n<\/div>\n<\/div>\n\n\n\n<div class=\"wp-block-group alignfull has-neutral-1-background-color has-background has-global-padding is-layout-constrained wp-block-group-is-layout-constrained\">\n    <div  class=\"pgut-timeline  align wp-block-powergut-timeline\">\n        <div class=\"acf-innerblocks-container\">\n\n    <div  class=\"pgut-timeline__element  align wp-block-powergut-timeline-element\">\n        <p class=\"pgut-timeline__element__date\"><\/p>\n        <img decoding=\"async\" width=\"620\" height=\"350\" src=\"https:\/\/www.musee-dior-granville.com\/wp-content\/uploads\/2025\/03\/roseraie-vue-mer-scaled.jpg\" class=\"attachment-full size-full\" alt=\"\" \/>            <h3 class=\"pgut-timeline__element__title\">Madeleine Dior, jardini\u00e8re d&#8217;\u00e9l\u00e9gance <\/h3>\n                    <div class=\"pgut-timeline__element__description\">\n            <p>\u00c9rig\u00e9e sur les hauteurs d&#8217;une falaise, la <strong>villa fait face aux vents marins qui balayent inlassablement son terrain aride<\/strong>. C\u2019est l\u00e0 que Madeleine Dior cr\u00e9e un \u00e9crin floral foisonnant et subtil, propice \u00e0 inspirer l\u2019imaginaire de son fils.<\/p>\n        <\/div>\n    <\/div>\n\n\n\n    <div  class=\"pgut-timeline__element  align wp-block-powergut-timeline-element\">\n        <p class=\"pgut-timeline__element__date\"><\/p>\n        <img decoding=\"async\" width=\"620\" height=\"350\" src=\"https:\/\/www.musee-dior-granville.com\/wp-content\/uploads\/2025\/03\/roseraie-vue-mer-scaled.jpg\" class=\"attachment-full size-full\" alt=\"\" \/>            <h3 class=\"pgut-timeline__element__title\">Un havre de souvenirs et de complicit\u00e9 <\/h3>\n                    <div class=\"pgut-timeline__element__description\">\n            <p>Au jardin, Christian Dior s\u2019\u00e9veille \u00e0 la vie. Soulignant sa &#8220;r\u00e9pugnance&#8221; \u00e0 en sortir, c\u2019est <strong>l\u00e0 qu\u2019il affine son go\u00fbt du beau<\/strong>. Il put ainsi \u00e9voquer, \u00e0 son propos : &#8220;tout ce qui \u00e9tait brillant, orn\u00e9, fleuri, l\u00e9ger suffisait pendant des heures \u00e0 me distraire&#8221;.<\/p>\n        <\/div>\n    <\/div>\n\n\n\n    <div  class=\"pgut-timeline__element  align wp-block-powergut-timeline-element\">\n        <p class=\"pgut-timeline__element__date\"><\/p>\n        <img decoding=\"async\" width=\"620\" height=\"350\" src=\"https:\/\/www.musee-dior-granville.com\/wp-content\/uploads\/2025\/03\/roseraie-vue-mer-scaled.jpg\" class=\"attachment-full size-full\" alt=\"\" \/>            <h3 class=\"pgut-timeline__element__title\">Roses, muguets et plantes embl\u00e9matiques<\/h3>\n                    <div class=\"pgut-timeline__element__description\">\n            <p>Des plantes choisies avec soin par la responsable des espaces verts de Granville habillent aujourd\u2019hui le jardin. <strong>Roses et muguets occupent une place d\u2019honneur<\/strong>. Bambous, charmilles et arbustes marins compl\u00e8tent ce splendide tableau v\u00e9g\u00e9tal.<\/p>\n        <\/div>\n    <\/div>\n\n<\/div>\n    <\/div>\n<\/div>\n\n\n\n<div class=\"wp-block-group alignfull has-neutral-1-background-color has-background has-global-padding is-layout-constrained wp-block-group-is-layout-constrained\">    <div\n                class=\"pgut-content-box pgut__is-style-image pgut__is-style-img-left  align wp-block-powergut-content-box\"    >\n                        <div class=\"pgut-box__img-container\">\n                    <img decoding=\"async\" width=\"1122\" height=\"400\" src=\"https:\/\/www.musee-dior-granville.com\/wp-content\/uploads\/2025\/03\/horaires-jardin.jpg\" class=\"attachment-full size-full\" alt=\"\" srcset=\"https:\/\/www.musee-dior-granville.com\/wp-content\/uploads\/2025\/03\/horaires-jardin.jpg 1122w, https:\/\/www.musee-dior-granville.com\/wp-content\/uploads\/2025\/03\/horaires-jardin-300x107.jpg 300w, https:\/\/www.musee-dior-granville.com\/wp-content\/uploads\/2025\/03\/horaires-jardin-1024x365.jpg 1024w, https:\/\/www.musee-dior-granville.com\/wp-content\/uploads\/2025\/03\/horaires-jardin-768x274.jpg 768w\" sizes=\"(max-width: 1122px) 100vw, 1122px\" \/>                <\/div>\n                            <div class=\"pgut-box__content is-style__with_title\">\n                                    <div class=\"pgut-box__title-container pgut__d__flex\">\n                                            <div class=\"pgut-icon pgut-icon__powergut-icon-menu-programme\"><\/div>\n                        <h2 class=\"pgut-box__title\">Horaires du jardin<\/h2>                    <\/div>\n                                    <div class=\"acf-innerblocks-container\">\n\n<p><strong>Acc\u00e8s libre et gratuit, ouvert toute l&#8217;ann\u00e9e.<\/strong><\/p>\n\n\n    <div         class=\"pgut-list  align wp-block-powergut-list\">\n        <div class=\"acf-innerblocks-container\">\n    <div         class=\"pgut-list__item-list pgut-icon__add pgut-icon__add__xs pgut-icon__powergut-item-list-marker  align wp-block-powergut-list-element\">\n            <div class=\"pgut-list__item-list__content\">\n                <div class=\"pgut-list__item-list__description\"><p><strong>Novembre \u00e0 f\u00e9vrier :<\/strong> 9h \u00e0 17h<\/p>\n<\/div>            <\/div>\n    <\/div>\n\n\n    <div         class=\"pgut-list__item-list pgut-icon__add pgut-icon__add__xs pgut-icon__powergut-item-list-marker  align wp-block-powergut-list-element\">\n            <div class=\"pgut-list__item-list__content\">\n                <div class=\"pgut-list__item-list__description\"><p><strong>Mars et octobre :<\/strong> 9h \u00e0 18h<\/p>\n<\/div>            <\/div>\n    <\/div>\n\n\n    <div         class=\"pgut-list__item-list pgut-icon__add pgut-icon__add__xs pgut-icon__powergut-item-list-marker  align wp-block-powergut-list-element\">\n            <div class=\"pgut-list__item-list__content\">\n                <div class=\"pgut-list__item-list__description\"><p><strong>Avril, mai et septembre\u00a0:<\/strong> 9h \u00e0 20h<\/p>\n<\/div>            <\/div>\n    <\/div>\n\n\n    <div         class=\"pgut-list__item-list pgut-icon__add pgut-icon__add__xs pgut-icon__powergut-item-list-marker  align wp-block-powergut-list-element\">\n            <div class=\"pgut-list__item-list__content\">\n                <div class=\"pgut-list__item-list__description\"><p><strong>Juin \u00e0 ao\u00fbt\u00a0:<\/strong> 9h \u00e0 21h<\/p>\n<\/div>            <\/div>\n    <\/div>\n\n<\/div>\n    <\/div>\n\n\n\n<p>Notez que les horaires du mus\u00e9e diff\u00e8rent de ceux du jardin.<\/p>\n\n<\/div>\n            <\/div>\n    <\/div>\n<\/div>\n\n\n\n<div class=\"wp-block-group alignfull is-style-default pgut-pattern has-color-2-background-color has-background has-global-padding is-layout-constrained wp-block-group-is-layout-constrained\">\n<div class=\"wp-block-columns is-layout-flex wp-container-core-columns-is-layout-28f84493 wp-block-columns-is-layout-flex\">\n<div class=\"wp-block-column is-vertically-aligned-center is-layout-flow wp-block-column-is-layout-flow\">\n<h2 class=\"wp-block-heading\">Le salon de th\u00e9 : douceur d\u2019un instant<\/h2>\n\n\n\n<p class=\"pgut-no-margin-top\">Au c\u0153ur du jardin, rejoignez La Rose du Rocher, pour une pause gourmande et sensorielle. Duo de macarons d\u00e9licats, glace subtilement parfum\u00e9e \u00e0 la rose ou quatre-quarts au citron bio accompagnent les visiteurs dans leur escapade. Proposant r\u00e9guli\u00e8rement des temps forts culturels, la Rose du Rocher est accessible lors de l\u2019ouverture du mus\u00e9e, de 11 h \u00e0 18 h 30, et propose \u00e9galement des d\u00e9lices sal\u00e9s.<\/p>\n\n\n    <div         class=\"pgut-list  align wp-block-powergut-list\">\n        <div class=\"acf-innerblocks-container\">\n    <div         class=\"pgut-list__item-list pgut-icon__add pgut-icon__add__xs pgut-icon__powergut-item-list-marker  align wp-block-powergut-list-element\">\n            <div class=\"pgut-list__item-list__content\">\n                <div class=\"pgut-list__item-list__description\"><p><strong>Une carte gourmande :<\/strong> du petit-d\u00e9jeuner au go\u00fbter, en passant par un d\u00e9jeuner l\u00e9ger, chaque instant est une invitation au plaisir.<\/p>\n<\/div>            <\/div>\n    <\/div>\n\n\n    <div         class=\"pgut-list__item-list pgut-icon__add pgut-icon__add__xs pgut-icon__powergut-item-list-marker  align wp-block-powergut-list-element\">\n            <div class=\"pgut-list__item-list__content\">\n                <div class=\"pgut-list__item-list__description\"><p><strong>Un cadre idyllique :<\/strong> un \u00e9crin de verdure o\u00f9 la mer s\u2019offre comme un tableau.<\/p>\n<\/div>            <\/div>\n    <\/div>\n\n\n    <div         class=\"pgut-list__item-list pgut-icon__add pgut-icon__add__xs pgut-icon__powergut-item-list-marker  align wp-block-powergut-list-element\">\n            <div class=\"pgut-list__item-list__content\">\n                <div class=\"pgut-list__item-list__description\"><p><strong>Privatisations possibles :<\/strong> pour des \u00e9v\u00e9nements sur mesure, en journ\u00e9e comme en soir\u00e9e.<\/p>\n<\/div>            <\/div>\n    <\/div>\n\n<\/div>\n    <\/div>\n\n\n    <div\n                class=\"pgut-content-box  align pgut-background--is-light wp-block-powergut-content-box\"    >\n                    <div class=\"pgut-box__content is-style__with_title\">\n                                    <div class=\"pgut-box__title-container pgut__d__flex\">\n                                            <div class=\"pgut-icon pgut-icon__powergut-icon-menu-programme\"><\/div>\n                        <h3 class=\"pgut-box__title\">Horaires du salon de th\u00e9<\/h3>                    <\/div>\n                                    <div class=\"acf-innerblocks-container\">\n\n<p class=\"has-color-1-color has-text-color has-link-color wp-elements-397c6dc61a5c9d465b96138b99426ea1\">Ouvert d&#8217;avril \u00e0 septembre<br>Du mardi au dimanche de 10h30 \u00e0 18h30<\/p>\n\n<\/div>\n            <\/div>\n    <\/div>\n\n\n    <a\n            href=\"#\"\n                class=\"pgut-button pgut-button__not-custom-icon pgut-button__default pgut-icon__add pgut-icon__add__reverse align is-style-link wp-block-powergut-button\"                    aria-label=\"D\u00e9couvrir le salon de th\u00e9\"\n    >\n        D\u00e9couvrir le salon de th\u00e9    <\/a>\n    <\/div>\n\n\n\n<div class=\"wp-block-column is-vertically-aligned-center is-layout-flow wp-block-column-is-layout-flow\">\n<figure class=\"wp-block-image size-full\"><img decoding=\"async\" width=\"621\" height=\"483\" src=\"https:\/\/www.musee-dior-granville.com\/wp-content\/uploads\/2025\/03\/salon-the-rose-du-rocher.jpg\" alt=\"Salon de th\u00e9 La Rose du Rocher\" class=\"wp-image-296\" srcset=\"https:\/\/www.musee-dior-granville.com\/wp-content\/uploads\/2025\/03\/salon-the-rose-du-rocher.jpg 621w, https:\/\/www.musee-dior-granville.com\/wp-content\/uploads\/2025\/03\/salon-the-rose-du-rocher-300x233.jpg 300w\" sizes=\"(max-width: 621px) 100vw, 621px\" \/><\/figure>\n<\/div>\n<\/div>\n<\/div>\n\n\n\n<div class=\"wp-block-group alignfull has-neutral-1-background-color has-background has-global-padding is-layout-constrained wp-block-group-is-layout-constrained\">\n<div class=\"wp-block-group has-global-padding is-layout-constrained wp-block-group-is-layout-constrained\">\n    <div\n                class=\"pgut-internal-linking-pages pgut__o__scroll__sizing  align wp-block-powergut-internal-linking-pages\"    >\n                <div class=\"pgut-internal-linking-pages__content pgut-slider__container\">\n                                <div class=\"pgut-internal-linking-pages__page pgut-clickable\">\n                                                    <a\n                                    class=\"pgut-internal-linking-pages__link pgut-button pgut-button__not-custom-icon pgut-button__default pgut-icon__add pgut-icon__add__reverse align is-style-link wp-block-powergut-button\"\n                                    href=\"https:\/\/www.musee-dior-granville.com\/en\/?page_id=1891\"\n                                    aria-label=\"The history of the Museum\"\n                            >\n                                <span>The history of the Museum<\/span>                            <\/a>\n                                                <\/div>\n                                        <div class=\"pgut-internal-linking-pages__page pgut-clickable\">\n                                                    <a\n                                    class=\"pgut-internal-linking-pages__link pgut-button pgut-button__not-custom-icon pgut-button__default pgut-icon__add pgut-icon__add__reverse align is-style-link wp-block-powergut-button\"\n                                    href=\"https:\/\/www.musee-dior-granville.com\/en\/?page_id=1904\"\n                                    aria-label=\"The exhibitions\"\n                            >\n                                <span>The exhibitions<\/span>                            <\/a>\n                                                <\/div>\n                                        <div class=\"pgut-internal-linking-pages__page pgut-clickable\">\n                                                    <a\n                                    class=\"pgut-internal-linking-pages__link pgut-button pgut-button__not-custom-icon pgut-button__default pgut-icon__add pgut-icon__add__reverse align is-style-link wp-block-powergut-button\"\n                                    href=\"https:\/\/www.musee-dior-granville.com\/en\/?page_id=1908\"\n                                    aria-label=\"Villa Les Rhumbs\"\n                            >\n                                <span>Villa Les Rhumbs<\/span>                            <\/a>\n                                                <\/div>\n                            <\/div>\n    <\/div>\n    <\/div>\n<\/div>\n","protected":false},"excerpt":{"rendered":"<p>Cet \u00e9den unique surplombant la mer face aux \u00eeles Jersey et Chausey est une introduction id\u00e9ale \u00e0 la d\u00e9couverte de Christian Dior. Enfant r\u00eaveur, c\u2019est au c\u0153ur de cet espace, enti\u00e8rement fa\u00e7onn\u00e9 par sa m\u00e8re, qu\u2019il a pu nourrir son \u00e2me d\u2019homme de l\u2019art. Le jardin, un premier contact id\u00e9al avec Christian Dior Lieu baign\u00e9 [&hellip;]<\/p>\n","protected":false},"author":2,"featured_media":0,"parent":0,"menu_order":2,"comment_status":"closed","ping_status":"closed","template":"","meta":{"_acf_changed":false,"footnotes":""},"class_list":["post-466","page","type-page","status-publish","hentry"],"acf":[],"yoast_head":"<!-- This site is optimized with the Yoast SEO plugin v27.5 - https:\/\/yoast.com\/product\/yoast-seo-wordpress\/ -->\n<title>The garden - Mus\u00e9e Christian Dior<\/title>\n<meta name=\"robots\" content=\"index, follow, max-snippet:-1, max-image-preview:large, max-video-preview:-1\" \/>\n<link rel=\"canonical\" href=\"https:\/\/www.musee-dior-granville.com\/en\/garden\/\" \/>\n<meta property=\"og:locale\" content=\"en_US\" \/>\n<meta property=\"og:type\" content=\"article\" \/>\n<meta property=\"og:title\" content=\"The garden - Mus\u00e9e Christian Dior\" \/>\n<meta property=\"og:description\" content=\"Cet \u00e9den unique surplombant la mer face aux \u00eeles Jersey et Chausey est une introduction id\u00e9ale \u00e0 la d\u00e9couverte de Christian Dior. Enfant r\u00eaveur, c\u2019est au c\u0153ur de cet espace, enti\u00e8rement fa\u00e7onn\u00e9 par sa m\u00e8re, qu\u2019il a pu nourrir son \u00e2me d\u2019homme de l\u2019art. Le jardin, un premier contact id\u00e9al avec Christian Dior Lieu baign\u00e9 [&hellip;]\" \/>\n<meta property=\"og:url\" content=\"https:\/\/www.musee-dior-granville.com\/en\/garden\/\" \/>\n<meta property=\"og:site_name\" content=\"Mus\u00e9e Christian Dior\" \/>\n<meta property=\"article:modified_time\" content=\"2025-08-08T12:34:16+00:00\" \/>\n<meta property=\"og:image\" content=\"https:\/\/www.musee-dior-granville.com\/wp-content\/uploads\/2025\/03\/jardin-ciel-mer-inspiration-dior.jpg\" \/>\n\t<meta property=\"og:image:width\" content=\"714\" \/>\n\t<meta property=\"og:image:height\" content=\"400\" \/>\n\t<meta property=\"og:image:type\" content=\"image\/jpeg\" \/>\n<meta name=\"twitter:card\" content=\"summary_large_image\" \/>\n<meta name=\"twitter:label1\" content=\"Est. reading time\" \/>\n\t<meta name=\"twitter:data1\" content=\"2 minutes\" \/>\n<script type=\"application\/ld+json\" class=\"yoast-schema-graph\">{\"@context\":\"https:\\\/\\\/schema.org\",\"@graph\":[{\"@type\":\"WebPage\",\"@id\":\"https:\\\/\\\/www.musee-dior-granville.com\\\/en\\\/garden\\\/\",\"url\":\"https:\\\/\\\/www.musee-dior-granville.com\\\/en\\\/garden\\\/\",\"name\":\"The garden - Mus\u00e9e Christian Dior\",\"isPartOf\":{\"@id\":\"https:\\\/\\\/www.musee-dior-granville.com\\\/en\\\/#website\"},\"primaryImageOfPage\":{\"@id\":\"https:\\\/\\\/www.musee-dior-granville.com\\\/en\\\/garden\\\/#primaryimage\"},\"image\":{\"@id\":\"https:\\\/\\\/www.musee-dior-granville.com\\\/en\\\/garden\\\/#primaryimage\"},\"thumbnailUrl\":\"https:\\\/\\\/www.musee-dior-granville.com\\\/wp-content\\\/uploads\\\/2025\\\/03\\\/jardin-ciel-mer-inspiration-dior.jpg\",\"datePublished\":\"2025-03-25T15:01:48+00:00\",\"dateModified\":\"2025-08-08T12:34:16+00:00\",\"breadcrumb\":{\"@id\":\"https:\\\/\\\/www.musee-dior-granville.com\\\/en\\\/garden\\\/#breadcrumb\"},\"inLanguage\":\"en-US\",\"potentialAction\":[{\"@type\":\"ReadAction\",\"target\":[\"https:\\\/\\\/www.musee-dior-granville.com\\\/en\\\/garden\\\/\"]}]},{\"@type\":\"ImageObject\",\"inLanguage\":\"en-US\",\"@id\":\"https:\\\/\\\/www.musee-dior-granville.com\\\/en\\\/garden\\\/#primaryimage\",\"url\":\"https:\\\/\\\/www.musee-dior-granville.com\\\/wp-content\\\/uploads\\\/2025\\\/03\\\/jardin-ciel-mer-inspiration-dior.jpg\",\"contentUrl\":\"https:\\\/\\\/www.musee-dior-granville.com\\\/wp-content\\\/uploads\\\/2025\\\/03\\\/jardin-ciel-mer-inspiration-dior.jpg\"},{\"@type\":\"BreadcrumbList\",\"@id\":\"https:\\\/\\\/www.musee-dior-granville.com\\\/en\\\/garden\\\/#breadcrumb\",\"itemListElement\":[{\"@type\":\"ListItem\",\"position\":1,\"name\":\"Home\",\"item\":\"https:\\\/\\\/www.musee-dior-granville.com\\\/en\\\/\"},{\"@type\":\"ListItem\",\"position\":2,\"name\":\"The garden\"}]},{\"@type\":\"WebSite\",\"@id\":\"https:\\\/\\\/www.musee-dior-granville.com\\\/en\\\/#website\",\"url\":\"https:\\\/\\\/www.musee-dior-granville.com\\\/en\\\/\",\"name\":\"Mus\u00e9e Christian Dior\",\"description\":\"\",\"publisher\":{\"@id\":\"https:\\\/\\\/www.musee-dior-granville.com\\\/en\\\/#organization\"},\"potentialAction\":[{\"@type\":\"SearchAction\",\"target\":{\"@type\":\"EntryPoint\",\"urlTemplate\":\"https:\\\/\\\/www.musee-dior-granville.com\\\/en\\\/?s={search_term_string}\"},\"query-input\":{\"@type\":\"PropertyValueSpecification\",\"valueRequired\":true,\"valueName\":\"search_term_string\"}}],\"inLanguage\":\"en-US\"},{\"@type\":\"Organization\",\"@id\":\"https:\\\/\\\/www.musee-dior-granville.com\\\/en\\\/#organization\",\"name\":\"Mus\u00e9e Christian Dior\",\"url\":\"https:\\\/\\\/www.musee-dior-granville.com\\\/en\\\/\",\"logo\":{\"@type\":\"ImageObject\",\"inLanguage\":\"en-US\",\"@id\":\"https:\\\/\\\/www.musee-dior-granville.com\\\/en\\\/#\\\/schema\\\/logo\\\/image\\\/\",\"url\":\"https:\\\/\\\/www.musee-dior-granville.com\\\/wp-content\\\/uploads\\\/2025\\\/03\\\/logo-musee-christian-dior.svg\",\"contentUrl\":\"https:\\\/\\\/www.musee-dior-granville.com\\\/wp-content\\\/uploads\\\/2025\\\/03\\\/logo-musee-christian-dior.svg\",\"caption\":\"Mus\u00e9e Christian Dior\"},\"image\":{\"@id\":\"https:\\\/\\\/www.musee-dior-granville.com\\\/en\\\/#\\\/schema\\\/logo\\\/image\\\/\"}}]}<\/script>\n<!-- \/ Yoast SEO plugin. -->","yoast_head_json":{"title":"The garden - Mus\u00e9e Christian Dior","robots":{"index":"index","follow":"follow","max-snippet":"max-snippet:-1","max-image-preview":"max-image-preview:large","max-video-preview":"max-video-preview:-1"},"canonical":"https:\/\/www.musee-dior-granville.com\/en\/garden\/","og_locale":"en_US","og_type":"article","og_title":"The garden - Mus\u00e9e Christian Dior","og_description":"Cet \u00e9den unique surplombant la mer face aux \u00eeles Jersey et Chausey est une introduction id\u00e9ale \u00e0 la d\u00e9couverte de Christian Dior. Enfant r\u00eaveur, c\u2019est au c\u0153ur de cet espace, enti\u00e8rement fa\u00e7onn\u00e9 par sa m\u00e8re, qu\u2019il a pu nourrir son \u00e2me d\u2019homme de l\u2019art. Le jardin, un premier contact id\u00e9al avec Christian Dior Lieu baign\u00e9 [&hellip;]","og_url":"https:\/\/www.musee-dior-granville.com\/en\/garden\/","og_site_name":"Mus\u00e9e Christian Dior","article_modified_time":"2025-08-08T12:34:16+00:00","og_image":[{"width":714,"height":400,"url":"https:\/\/www.musee-dior-granville.com\/wp-content\/uploads\/2025\/03\/jardin-ciel-mer-inspiration-dior.jpg","type":"image\/jpeg"}],"twitter_card":"summary_large_image","twitter_misc":{"Est. reading time":"2 minutes"},"schema":{"@context":"https:\/\/schema.org","@graph":[{"@type":"WebPage","@id":"https:\/\/www.musee-dior-granville.com\/en\/garden\/","url":"https:\/\/www.musee-dior-granville.com\/en\/garden\/","name":"The garden - Mus\u00e9e Christian Dior","isPartOf":{"@id":"https:\/\/www.musee-dior-granville.com\/en\/#website"},"primaryImageOfPage":{"@id":"https:\/\/www.musee-dior-granville.com\/en\/garden\/#primaryimage"},"image":{"@id":"https:\/\/www.musee-dior-granville.com\/en\/garden\/#primaryimage"},"thumbnailUrl":"https:\/\/www.musee-dior-granville.com\/wp-content\/uploads\/2025\/03\/jardin-ciel-mer-inspiration-dior.jpg","datePublished":"2025-03-25T15:01:48+00:00","dateModified":"2025-08-08T12:34:16+00:00","breadcrumb":{"@id":"https:\/\/www.musee-dior-granville.com\/en\/garden\/#breadcrumb"},"inLanguage":"en-US","potentialAction":[{"@type":"ReadAction","target":["https:\/\/www.musee-dior-granville.com\/en\/garden\/"]}]},{"@type":"ImageObject","inLanguage":"en-US","@id":"https:\/\/www.musee-dior-granville.com\/en\/garden\/#primaryimage","url":"https:\/\/www.musee-dior-granville.com\/wp-content\/uploads\/2025\/03\/jardin-ciel-mer-inspiration-dior.jpg","contentUrl":"https:\/\/www.musee-dior-granville.com\/wp-content\/uploads\/2025\/03\/jardin-ciel-mer-inspiration-dior.jpg"},{"@type":"BreadcrumbList","@id":"https:\/\/www.musee-dior-granville.com\/en\/garden\/#breadcrumb","itemListElement":[{"@type":"ListItem","position":1,"name":"Home","item":"https:\/\/www.musee-dior-granville.com\/en\/"},{"@type":"ListItem","position":2,"name":"The garden"}]},{"@type":"WebSite","@id":"https:\/\/www.musee-dior-granville.com\/en\/#website","url":"https:\/\/www.musee-dior-granville.com\/en\/","name":"Mus\u00e9e Christian Dior","description":"","publisher":{"@id":"https:\/\/www.musee-dior-granville.com\/en\/#organization"},"potentialAction":[{"@type":"SearchAction","target":{"@type":"EntryPoint","urlTemplate":"https:\/\/www.musee-dior-granville.com\/en\/?s={search_term_string}"},"query-input":{"@type":"PropertyValueSpecification","valueRequired":true,"valueName":"search_term_string"}}],"inLanguage":"en-US"},{"@type":"Organization","@id":"https:\/\/www.musee-dior-granville.com\/en\/#organization","name":"Mus\u00e9e Christian Dior","url":"https:\/\/www.musee-dior-granville.com\/en\/","logo":{"@type":"ImageObject","inLanguage":"en-US","@id":"https:\/\/www.musee-dior-granville.com\/en\/#\/schema\/logo\/image\/","url":"https:\/\/www.musee-dior-granville.com\/wp-content\/uploads\/2025\/03\/logo-musee-christian-dior.svg","contentUrl":"https:\/\/www.musee-dior-granville.com\/wp-content\/uploads\/2025\/03\/logo-musee-christian-dior.svg","caption":"Mus\u00e9e Christian Dior"},"image":{"@id":"https:\/\/www.musee-dior-granville.com\/en\/#\/schema\/logo\/image\/"}}]}},"_links":{"self":[{"href":"https:\/\/www.musee-dior-granville.com\/en\/wp-json\/wp\/v2\/pages\/466","targetHints":{"allow":["GET"]}}],"collection":[{"href":"https:\/\/www.musee-dior-granville.com\/en\/wp-json\/wp\/v2\/pages"}],"about":[{"href":"https:\/\/www.musee-dior-granville.com\/en\/wp-json\/wp\/v2\/types\/page"}],"author":[{"embeddable":true,"href":"https:\/\/www.musee-dior-granville.com\/en\/wp-json\/wp\/v2\/users\/2"}],"replies":[{"embeddable":true,"href":"https:\/\/www.musee-dior-granville.com\/en\/wp-json\/wp\/v2\/comments?post=466"}],"version-history":[{"count":2,"href":"https:\/\/www.musee-dior-granville.com\/en\/wp-json\/wp\/v2\/pages\/466\/revisions"}],"predecessor-version":[{"id":531,"href":"https:\/\/www.musee-dior-granville.com\/en\/wp-json\/wp\/v2\/pages\/466\/revisions\/531"}],"wp:attachment":[{"href":"https:\/\/www.musee-dior-granville.com\/en\/wp-json\/wp\/v2\/media?parent=466"}],"curies":[{"name":"wp","href":"https:\/\/api.w.org\/{rel}","templated":true}]}}